{"id":20,"date":"2019-02-04T10:36:34","date_gmt":"2019-02-04T09:36:34","guid":{"rendered":"http:\/\/ambervale.net\/?page_id=20"},"modified":"2024-06-29T13:02:53","modified_gmt":"2024-06-29T11:02:53","slug":"cartes","status":"publish","type":"page","link":"https:\/\/ambervale.net\/index.php\/cartes\/","title":{"rendered":"Les cartes"},"content":{"rendered":"<div class=\"vce-row-container\"><div class=\"vce-row vce-row--col-gap-30 vce-row-content--top\" data-vce-full-width=\"true\" data-vce-stretch-content=\"true\" id=\"el-ecac1696\" data-vce-do-apply=\"all el-ecac1696\"><div class=\"vce-row-content\" data-vce-element-content=\"true\"><div class=\"vce-col vce-col--md-100p vce-col--xs-1 vce-col--xs-last vce-col--xs-first vce-col--sm-last vce-col--sm-first vce-col--md-last vce-col--lg-last vce-col--xl-last vce-col--md-first vce-col--lg-first vce-col--xl-first\" id=\"el-150a99df\"><div class=\"vce-col-inner\" data-vce-do-apply=\"border margin background  el-150a99df\"><div class=\"vce-col-content\" data-vce-element-content=\"true\" data-vce-do-apply=\"padding el-150a99df\"><section class=\"vce-hero-section-container vce-hero-section-media--xs vce-hero-section-media--sm vce-hero-section-media--md vce-hero-section-media--lg vce-hero-section-media--xl\"><div class=\"vce vce-hero-section\" id=\"el-46827d54\" data-vce-background-image-all=\"https:\/\/ambervale.net\/wp-content\/uploads\/2024\/01\/DALL\u00b7E-2024-01-30-23.17.20-Vue-aerienne-dun-continent-vaste-et-diversifie-dans-un-monde-de-fantasy-heroique-inspire-par-lidee-dune-supercontinent-comme-la-pangee.-Ce-contine.png\" data-vce-background-image=\"all\" data-vce-lozad=\"true\" data-vce-do-apply=\"margin background border  el-46827d54\"><div class=\"vce-hero-section--wrap-row\"><div class=\"vce-hero-section--wrap\"><div class=\"vce-hero-section--content\" data-vce-do-apply=\"padding el-46827d54\"><div class=\"vce-hero-section--content-container\"><h1 style=\"color: #fff; text-shadow: -1px 0 black, 0 1px black, 1px 0 black, 0 -1px black;\"><span style=\"color: #ffffff;\">Carte du monde d'Ambervale<\/span><\/h1><div style=\"backdrop-filter: blur(6px); padding: 10px; border-radius: 5px; text-align: justify; text-shadow: -1px 0 black, 0 1px black, 1px 0 black, 0 -1px black;\"><p style=\"text-align: justify;\"><span style=\"color: #ffffff;\">Le monde d'origine de vos personnages en l'An 104, ann\u00e9e o\u00f9 se produit ce qu'on appelle le Flash, un \u00e9v\u00e9nement \u00e9trange o\u00f9 tous les \u00eatres d'Ambervale se voient aveugl\u00e9s par une myst\u00e9rieuse lumi\u00e8re blanche. <br>Ce monde est compos\u00e9 de trois continent principaux : <\/span><br><span style=\"color: #ffffff;\">Tout d'abord, il y a le continent de&nbsp;<strong>Waiengen<\/strong>, situ\u00e9 au nord-ouest. Cette r\u00e9gion est caract\u00e9ris\u00e9e par un climat temp\u00e9r\u00e9 et des chaines de montagnes qui la divisent en plusieurs r\u00e9gions distinctes. Ce continent est peupl\u00e9 de divers royaumes aux cultures vari\u00e9es qui alternent entre p\u00e9riodes de paix et de guerres de seigneurs. Il est parfois surnomm\u00e9 \"Le vieux continent\", \u00e9tant la terre d'origine des valiens, la race la plus largement r\u00e9pendue.<\/span><br><span style=\"color: #ffffff;\">Le deuxi\u00e8me continent, nomm\u00e9 <strong>Essanten<\/strong>, se trouve \u00e0 l'est. Il s'agit d'un vaste territoire qui est travers\u00e9 par de vastes steppes abritant des nomades, ainsi qu'un d\u00e9sert chaud et aride o\u00f9 se trouvent des cit\u00e9s luxuriantes. Cette terre abrite deux des plus grands empires \u00e0 ce jour: Althaia et Al'Saharqi, ainsi que de grandes steppes peupl\u00e9es de nomades. Ce continent est parfois surnomm\u00e9 \"la Terre des g\u00e9ants\", en r\u00e9f\u00e9rence aux grandes \u00e9tendues plates, crues \u00eatre les sillons de marche de g\u00e9ants.<\/span><br><span style=\"color: #ffffff;\">Enfin, il y a le continent d'<strong>Endamar<\/strong>, situ\u00e9 au sud-ouest. Cette terre fertile au climat doux est connue pour \u00eatre le berceau des peuples Elyas et de l'empire le plus ancien. Surnomm\u00e9 \"la Terre des Anciens\", ce continent a \u00e9t\u00e9 le th\u00e9\u00e2tre de guerres opposant les plus grands empires et royaumes.<\/span><\/p><\/div><\/div><div class=\"\"><\/div><\/div><\/div><\/div><\/div><\/section><\/div><\/div><\/div><\/div><\/div><\/div><div class=\"vce-row-container\"><div class=\"vce-row vce-row--col-gap-30 vce-row-equal-height vce-row-content--top\" data-vce-full-width=\"true\" data-vce-stretch-content=\"true\" id=\"el-3a0f57ac\" data-vce-do-apply=\"all el-3a0f57ac\"><div class=\"vce-row-content\" data-vce-element-content=\"true\"><div class=\"vce-col vce-col--md-auto vce-col--xs-1 vce-col--xs-last vce-col--xs-first vce-col--sm-last vce-col--sm-first vce-col--md-last vce-col--lg-last vce-col--xl-last vce-col--md-first vce-col--lg-first vce-col--xl-first\" id=\"el-682f579a\"><div class=\"vce-col-inner\" data-vce-do-apply=\"border margin background  el-682f579a\"><div class=\"vce-col-content\" data-vce-element-content=\"true\" data-vce-do-apply=\"padding el-682f579a\"><div class=\"vce-single-image-container vce-single-image--align-left\" data-photoswipe-gallery=\"95212dd5\"><div class=\"vce vce-single-image-wrapper\" data-photoswipe-item=\"photoswipe-95212dd5\" id=\"el-95212dd5\" data-vce-do-apply=\"all el-95212dd5\"><figure><div class=\"vce-single-image-figure-inner\" style=\"width: 3840px;\"><a href=\"https:\/\/ambervale.net\/wp-content\/uploads\/2023\/10\/Kang-2023-10-11-20-37.png\" data-photoswipe-image=\"95212dd5\" data-photoswipe-index=\"0\" class=\"vce-single-image-inner vce-single-image--absolute vce-single-image--border-rounded\" style=\"width: 100%; padding-bottom: 52.8125%;\" data-pswp-uid=\"1\"><img decoding=\"async\" class=\"vce-single-image\" src=\"https:\/\/ambervale.net\/wp-content\/uploads\/2023\/10\/Kang-2023-10-11-20-37.png\" data-img-src=\"https:\/\/ambervale.net\/wp-content\/uploads\/2023\/10\/Kang-2023-10-11-20-37.png\" data-attachment-id=\"3221\" alt=\"\" title=\"Kang 2023-10-11-20-37\"><\/a><\/div><figcaption hidden=\"\"><\/figcaption><\/figure><\/div><\/div><div class=\"vce vce-separator-container vce-separator--align-center vce-separator--style-solid\" id=\"el-2ee37392\" data-vce-do-apply=\"margin el-2ee37392\"><div class=\"vce-separator vce-separator--color-bfc0c1 vce-separator--width-100 vce-separator--thickness-1\" data-vce-do-apply=\"border padding background  el-2ee37392\"><\/div><\/div><\/div><\/div><\/div><\/div><\/div><\/div><div class=\"vce-row-container\"><div class=\"vce-row vce-row--col-gap-30 vce-row-equal-height vce-row-content--top\" data-vce-full-width=\"true\" data-vce-stretch-content=\"true\" id=\"el-4134279d\" data-vce-do-apply=\"all el-4134279d\"><div class=\"vce-row-content\" data-vce-element-content=\"true\"><div class=\"vce-col vce-col--md-auto vce-col--xs-1 vce-col--xs-last vce-col--xs-first vce-col--sm-last vce-col--sm-first vce-col--md-last vce-col--lg-last vce-col--xl-last vce-col--md-first vce-col--lg-first vce-col--xl-first\" id=\"el-f26e3d31\"><div class=\"vce-col-inner\" data-vce-do-apply=\"border margin background  el-f26e3d31\"><div class=\"vce-col-content\" data-vce-element-content=\"true\" data-vce-do-apply=\"padding el-f26e3d31\"><section class=\"vce-feature-section-container vce-feature-section-media--xs\"><div class=\"vce vce-feature-section vce-feature-section--min-height\" id=\"el-9c701b27\" data-vce-do-apply=\"margin border animation backgroundColor el-9c701b27\"><div class=\"vce-feature-section-image vce-feature-section-image--alignment-left\" data-vce-background-image-all=\"https:\/\/ambervale.net\/wp-content\/uploads\/2023\/10\/606670.png\" data-vce-background-image=\"all\" data-vce-lozad=\"true\" data-vce-do-apply=\"backgroundImage el-9c701b27\"><\/div><div class=\"vce-feature-section-content\"><div class=\"vce-feature-section-content-container\" data-vce-do-apply=\"padding el-9c701b27\"><div class=\"vce-feature-section-description\"><h1 style=\"text-align: center;\">Adale<\/h1><p style=\"text-align: justify;\">Une \u00eele devenue inhabitable en l'an 97 se trouvant entre les continents d'Endamar et Essanten qui a vu l'\u00e9panouissement de la civilisation adalaise. Malgr\u00e9 l'impossibilit\u00e9 pour ses anciens habitants de s'y installer \u00e0 nouveau d\u00fb au redoutable Puit de Magie, ces terres ancestrales ont une longue histoire \u00e0 raconter.<\/p><\/div><div class=\"vce-button--style-outline-container vce-button--style-outline-container--align-center\"><span class=\"vce-button--style-outline-wrapper vce\" id=\"el-7c7c30ab\" data-vce-do-apply=\"margin el-7c7c30ab\"><a class=\"vce-button vce-button--style-outline-animated vce-button--style-outline--border-square vce-button--style-outline--size-medium vce-button--style-outline-animated--color-b-255-255-255--fff--3d3d3d vce-button--style-outline-animated--border-color-e3e3e3--3d3d3d vce-button--style-outline-animated--background-color-3d3d3d\" href=\"https:\/\/ambervale.net\/index.php\/2023\/10\/24\/adale\/\" title=\"\" data-vce-do-apply=\"padding border background  el-7c7c30ab\"><span class=\"vce-button--style-outline-text\">En savoir plus<\/span><\/a><\/span><\/div><\/div><\/div><\/div><\/section><section class=\"vce-feature-section-container vce-feature-section-media--xs\"><div class=\"vce vce-feature-section vce-feature-section--min-height\" id=\"el-563fb788\" data-vce-do-apply=\"margin border animation backgroundColor el-563fb788\"><div class=\"vce-feature-section-image vce-feature-section-image--alignment-right\" data-vce-background-image-all=\"https:\/\/ambervale.net\/wp-content\/uploads\/2023\/05\/Alendriel.png\" data-vce-background-image=\"all\" data-vce-lozad=\"true\" data-vce-do-apply=\"backgroundImage el-563fb788\"><\/div><div class=\"vce-feature-section-content\"><div class=\"vce-feature-section-content-container\" data-vce-do-apply=\"padding el-563fb788\"><div class=\"vce-feature-section-description\"><h1 style=\"text-align: center;\">Al\u00ebndriel<\/h1><p style=\"text-align: justify;\"><span style=\"font-weight: 400;\">Le royaume d\u2019Al\u00ebndriel est une \u00eele situ\u00e9e au large de la r\u00e9gion althaienne de Drakenstorm. Autrefois un royaume elya connu pour ses navigateurs au grand talent, la piraterie prit le dessus au fur et \u00e0 mesure des derniers si\u00e8cles de son histoire, cr\u00e9ant une v\u00e9ritable nation domin\u00e9e par la piraterie et la p\u00e8gre.&nbsp;<\/span><span style=\"font-weight: 400;\">Al\u00ebndriel est une plaque tournante de la p\u00e8gre internationale. De nombreux voleurs, pirates, mercenaires, contrebandiers ou tout autre individu touchant souvent aux affaires illicites viennent y faire affaires, y passer un s\u00e9jour ou viennent s\u2019installer l\u00e0 bas. Aujourd\u2019hui, la lign\u00e9e royale qui r\u00e9gnait autrefois \u00e0 Al\u00ebndriel n\u2019est plus au pouvoir, des pirates ayant successivement pris le pouvoir au prix du sang. Pourtant, on continue de donner l'appellation de royaume \u00e0 l\u2019\u00eele car celui qui tient les rennes de l\u2019\u00eele est comme un v\u00e9ritable roi des pirates\u2026<\/span><\/p><\/div><div class=\"vce-button--style-outline-container vce-button--style-outline-container--align-center\"><span class=\"vce-button--style-outline-wrapper vce\" id=\"el-01f5bf14\" data-vce-do-apply=\"margin el-01f5bf14\"><a class=\"vce-button vce-button--style-outline-animated vce-button--style-outline--border-square vce-button--style-outline--size-medium vce-button--style-outline-animated--color-b-255-255-255--fff--3d3d3d vce-button--style-outline-animated--border-color-e3e3e3--3d3d3d vce-button--style-outline-animated--background-color-3d3d3d\" href=\"https:\/\/ambervale.net\/index.php\/2023\/05\/13\/alendriel\/\" title=\"\" data-vce-do-apply=\"padding border background  el-01f5bf14\"><span class=\"vce-button--style-outline-text\">En savoir plus<\/span><\/a><\/span><\/div><\/div><\/div><\/div><\/section><section class=\"vce-feature-section-container vce-feature-section-media--xs\"><div class=\"vce vce-feature-section vce-feature-section--min-height\" id=\"el-c5163df0\" data-vce-do-apply=\"margin border animation backgroundColor el-c5163df0\"><div class=\"vce-feature-section-image vce-feature-section-image--alignment-left\" data-vce-background-image-all=\"https:\/\/ambervale.net\/wp-content\/uploads\/2023\/10\/Saharqi.jpg\" data-vce-background-image=\"all\" data-vce-lozad=\"true\" data-vce-do-apply=\"backgroundImage el-c5163df0\"><\/div><div class=\"vce-feature-section-content\"><div class=\"vce-feature-section-content-container\" data-vce-do-apply=\"padding el-c5163df0\"><div class=\"vce-feature-section-description\"><h1 style=\"text-align: center;\">Al'Saharqi<\/h1><p style=\"text-align: justify;\">Le Sultanat Al'Saharqi, souvent simplement appel\u00e9 Saharqa, est un royaume myst\u00e9rieux et riche en histoire situ\u00e9 au c\u0153ur du d\u00e9sert Saharqi. L'organisation politique du sultanat poss\u00e8de une structure sociale complexe allant des nobles aux marchands, en passant par les scribes et les artisans. Le sultanat est c\u00e9l\u00e8bre pour ses f\u00eates color\u00e9es, sa cuisine d\u00e9licieuse aux saveurs riches et \u00e9pic\u00e9es, et le mode de vie de son peuple, qui est impr\u00e9gn\u00e9 de traditions anciennes. Les caravanes marchandes qui parcourent le continent d'Essanten font de Saharqa un centre commercial vital, reliant les r\u00e9gions \u00e9loign\u00e9es et apportant richesse et diversit\u00e9 culturelle.<\/p><\/div><div class=\"vce-button--style-outline-container vce-button--style-outline-container--align-center\"><span class=\"vce-button--style-outline-wrapper vce\" id=\"el-29bea952\" data-vce-do-apply=\"margin el-29bea952\"><a class=\"vce-button vce-button--style-outline-animated vce-button--style-outline--border-square vce-button--style-outline--size-medium vce-button--style-outline-animated--color-b-255-255-255--fff--3d3d3d vce-button--style-outline-animated--border-color-e3e3e3--3d3d3d vce-button--style-outline-animated--background-color-3d3d3d\" href=\"https:\/\/ambervale.net\/index.php\/2023\/10\/07\/saharqi\/\" title=\"\" data-vce-do-apply=\"padding border background  el-29bea952\"><span class=\"vce-button--style-outline-text\">En savoir plus<\/span><\/a><\/span><\/div><\/div><\/div><\/div><\/section><section class=\"vce-feature-section-container vce-feature-section-media--xs\"><div class=\"vce vce-feature-section vce-feature-section--min-height\" id=\"el-9eb36c12\" data-vce-do-apply=\"margin border animation backgroundColor el-9eb36c12\"><div class=\"vce-feature-section-image vce-feature-section-image--alignment-right\" data-vce-background-image-all=\"https:\/\/ambervale.net\/wp-content\/uploads\/2023\/10\/Althaia.webp\" data-vce-background-image=\"all\" data-vce-lozad=\"true\" data-vce-do-apply=\"backgroundImage el-9eb36c12\"><\/div><div class=\"vce-feature-section-content\"><div class=\"vce-feature-section-content-container\" data-vce-do-apply=\"padding el-9eb36c12\"><div class=\"vce-feature-section-description\"><h1 style=\"text-align: center;\">Althaia<\/h1><p style=\"text-align: justify;\">L'Empire Althaien, s'\u00e9tend sur les trois continents principaux, formant ainsi l'un des plus grands et des plus influents empires du monde connu. Devant son expansion \u00e0 de multiples guerres et trait\u00e9s, Althaia est une mosa\u00efque de soci\u00e9t\u00e9s, o\u00f9 des peuples vari\u00e9s coexistent sous une seule banni\u00e8re imp\u00e9riale, chacun contribuant \u00e0 la richesse culturelle et \u00e0 la diversit\u00e9 de cet empire colossal. Cependant, sous cette fa\u00e7ade d'unit\u00e9 imp\u00e9riale, les tensions et les rivalit\u00e9s entre les diff\u00e9rentes r\u00e9gions et cultures sont palpables, alimentant un empire complexe et dynamique, o\u00f9 l'intrigue politique et la comp\u00e9tition sont monnaie courante.<\/p><\/div><div class=\"vce-button--style-outline-container vce-button--style-outline-container--align-center\"><span class=\"vce-button--style-outline-wrapper vce\" id=\"el-82cb8e71\" data-vce-do-apply=\"margin el-82cb8e71\"><a class=\"vce-button vce-button--style-outline-animated vce-button--style-outline--border-square vce-button--style-outline--size-medium vce-button--style-outline-animated--color-b-255-255-255--fff--3d3d3d vce-button--style-outline-animated--border-color-e3e3e3--3d3d3d vce-button--style-outline-animated--background-color-3d3d3d\" href=\"https:\/\/ambervale.net\/index.php\/2023\/10\/01\/althaia\/\" title=\"\" data-vce-do-apply=\"padding border background  el-82cb8e71\"><span class=\"vce-button--style-outline-text\">En savoir plus<\/span><\/a><\/span><\/div><\/div><\/div><\/div><\/section><section class=\"vce-feature-section-container vce-feature-section-media--xs\"><div class=\"vce vce-feature-section vce-feature-section--min-height\" id=\"el-3b225db5\" data-vce-do-apply=\"margin border animation backgroundColor el-3b225db5\"><div class=\"vce-feature-section-image vce-feature-section-image--alignment-left\" data-vce-background-image-all=\"https:\/\/ambervale.net\/wp-content\/uploads\/2023\/10\/Asmarie-landscape.png\" data-vce-background-image=\"all\" data-vce-lozad=\"true\" data-vce-do-apply=\"backgroundImage el-3b225db5\"><\/div><div class=\"vce-feature-section-content\"><div class=\"vce-feature-section-content-container\" data-vce-do-apply=\"padding el-3b225db5\"><div class=\"vce-feature-section-description\"><h1 style=\"text-align: center;\">Asmarie<\/h1><p style=\"text-align: justify;\"><span style=\"font-weight: 400;\">Au centre-ouest du continent de <\/span><span style=\"font-weight: 400;\">Waiengen tr\u00f4ne <\/span><span style=\"font-weight: 400;\">le royaume d\u2019Asmarie, une nation profond\u00e9ment religieuse envers Ashera qui s\u2019est cr\u00e9\u00e9e au 7\u00e8me si\u00e8cle avant le s\u00e9isme. <\/span><span style=\"font-weight: 400;\"><br><\/span><span style=\"font-weight: 400;\">La soci\u00e9t\u00e9 Asmare est dirig\u00e9e par un conseil de religieux se faisant appeler le conseil des Fils. Ils d\u00e9signent et \u00e9lisent le primarque d\u2019Asmarie, figure d\u2019autorit\u00e9 politique, religieuse et militaire suivant la plupart du temps les consignes du conseil des Fils. <\/span><span style=\"font-weight: 400;\"><br><\/span><span style=\"font-weight: 400;\">La rigueur religieuse extr\u00eame dans le pays ont fait na\u00eetre des tensions internes et la nation doit faire face \u00e0 un risque de guerre civile permanente.<\/span><\/p><\/div><div class=\"vce-button--style-outline-container vce-button--style-outline-container--align-center\"><span class=\"vce-button--style-outline-wrapper vce\" id=\"el-d4ffdbd1\" data-vce-do-apply=\"margin el-d4ffdbd1\"><a class=\"vce-button vce-button--style-outline-animated vce-button--style-outline--border-square vce-button--style-outline--size-medium vce-button--style-outline-animated--color-b-255-255-255--fff--3d3d3d vce-button--style-outline-animated--border-color-e3e3e3--3d3d3d vce-button--style-outline-animated--background-color-3d3d3d\" href=\"https:\/\/ambervale.net\/index.php\/2023\/10\/26\/asmarie\/\" title=\"\" data-vce-do-apply=\"padding border background  el-d4ffdbd1\"><span class=\"vce-button--style-outline-text\">En savoir plus<\/span><\/a><\/span><\/div><\/div><\/div><\/div><\/section><section class=\"vce-feature-section-container vce-feature-section-media--xs\"><div class=\"vce vce-feature-section vce-feature-section--min-height\" id=\"el-c5cf80c1\" data-vce-do-apply=\"margin border animation backgroundColor el-c5cf80c1\"><div class=\"vce-feature-section-image vce-feature-section-image--alignment-right\" data-vce-background-image-all=\"https:\/\/ambervale.net\/wp-content\/uploads\/2023\/04\/Asthumbrie-1.jpg\" data-vce-background-image=\"all\" data-vce-lozad=\"true\" data-vce-do-apply=\"backgroundImage el-c5cf80c1\"><\/div><div class=\"vce-feature-section-content\"><div class=\"vce-feature-section-content-container\" data-vce-do-apply=\"padding el-c5cf80c1\"><div class=\"vce-feature-section-description\"><h1 style=\"text-align: center;\">Asthumbrie<\/h1><p style=\"text-align: justify;\">L'Asthumbrie est un royaume fier et prosp\u00e8re, situ\u00e9 sur les r\u00e9gions c\u00f4ti\u00e8res centrales du continent de Waiengen. \u00c0 sa t\u00eate se trouve une reine tr\u00e8s respect\u00e9e, qui dirige un royaume uni autour d'une couronne forte. Le commerce est l'une des principales activit\u00e9s de l'Asthumbrie, qui poss\u00e8de une culture maritime florissante et des ports anim\u00e9s. Au c\u0153ur du royaume se trouve la Compagnie Royale Asthumbrienne, l'une des plus grandes compagnies commerciales du monde, qui poss\u00e8de des comptoirs un peu partout dans le monde.<\/p><\/div><div class=\"vce-button--style-outline-container vce-button--style-outline-container--align-center\"><span class=\"vce-button--style-outline-wrapper vce\" id=\"el-9db06988\" data-vce-do-apply=\"margin el-9db06988\"><a class=\"vce-button vce-button--style-outline-animated vce-button--style-outline--border-square vce-button--style-outline--size-medium vce-button--style-outline-animated--color-b-255-255-255--fff--3d3d3d vce-button--style-outline-animated--border-color-e3e3e3--3d3d3d vce-button--style-outline-animated--background-color-3d3d3d\" href=\"https:\/\/ambervale.net\/index.php\/2023\/04\/29\/asthumbrie\/\" title=\"\" data-vce-do-apply=\"padding border background  el-9db06988\"><span class=\"vce-button--style-outline-text\">En savoir plus<\/span><\/a><\/span><\/div><\/div><\/div><\/div><\/section><section class=\"vce-feature-section-container vce-feature-section-media--xs\"><div class=\"vce vce-feature-section vce-feature-section--min-height\" id=\"el-6696c15e\" data-vce-do-apply=\"margin border animation backgroundColor el-6696c15e\"><div class=\"vce-feature-section-image vce-feature-section-image--alignment-left\" data-vce-background-image-all=\"https:\/\/ambervale.net\/wp-content\/uploads\/2023\/05\/Aurelia-2.png\" data-vce-background-image=\"all\" data-vce-lozad=\"true\" data-vce-do-apply=\"backgroundImage el-6696c15e\"><\/div><div class=\"vce-feature-section-content\"><div class=\"vce-feature-section-content-container\" data-vce-do-apply=\"padding el-6696c15e\"><div class=\"vce-feature-section-description\"><h1 style=\"text-align: center;\">Aurelia<\/h1><p style=\"text-align: justify;\"><span style=\"font-weight: 400;\">Aurelia est une \u00eele situ\u00e9e au sud du continent de Waiengen, dans la baie de l\u2019Hydre Temp\u00e9tueuse, avec une ouverture directe par voie maritime aux royaumes de Syriel, Asmarie et Asthumbrie. Cette r\u00e9publique est caract\u00e9ris\u00e9e par sa prosp\u00e9rit\u00e9 rayonnant dans l\u2019ensemble du monde et on retrouve fr\u00e9quemment de nombreux banquiers, commer\u00e7ants ou armateurs dans les m\u00e9tiers exerc\u00e9s dans la population. La R\u00e9publique est men\u00e9e par un conseil compos\u00e9 des 7 familles les plus riches de l\u2019\u00eele. Ce qui est s\u00fbr, Aurelia est connue pour le sens des affaires de ses habitants et des grands dispositifs commerciaux qui sont \u00e9tablis partout dans le monde, pouvant \u00eatre ais\u00e9ment appel\u00e9e la capitale \u00e9conomique du monde malgr\u00e9 quelques contestations d\u2019autres nations.<\/span><\/p><\/div><div class=\"vce-button--style-outline-container vce-button--style-outline-container--align-center\"><span class=\"vce-button--style-outline-wrapper vce\" id=\"el-97f9d174\" data-vce-do-apply=\"margin el-97f9d174\"><a class=\"vce-button vce-button--style-outline-animated vce-button--style-outline--border-square vce-button--style-outline--size-medium vce-button--style-outline-animated--color-b-255-255-255--fff--3d3d3d vce-button--style-outline-animated--border-color-e3e3e3--3d3d3d vce-button--style-outline-animated--background-color-3d3d3d\" href=\"https:\/\/ambervale.net\/index.php\/2023\/05\/06\/aurelia\/\" title=\"\" data-vce-do-apply=\"padding border background  el-97f9d174\"><span class=\"vce-button--style-outline-text\">En savoir plus<\/span><\/a><\/span><\/div><\/div><\/div><\/div><\/section><section class=\"vce-feature-section-container vce-feature-section-media--xs\"><div class=\"vce vce-feature-section vce-feature-section--min-height\" id=\"el-4ad36cc3\" data-vce-do-apply=\"margin border animation backgroundColor el-4ad36cc3\"><div class=\"vce-feature-section-image vce-feature-section-image--alignment-right\" data-vce-background-image-all=\"https:\/\/ambervale.net\/wp-content\/uploads\/2023\/10\/bael-turath-1.jpg\" data-vce-background-image=\"all\" data-vce-lozad=\"true\" data-vce-do-apply=\"backgroundImage el-4ad36cc3\"><\/div><div class=\"vce-feature-section-content\"><div class=\"vce-feature-section-content-container\" data-vce-do-apply=\"padding el-4ad36cc3\"><div class=\"vce-feature-section-description\"><h1 style=\"text-align: center;\">Bael'Turath<\/h1><p style=\"text-align: justify;\">Le tristement c\u00e9l\u00e8bre Empire de Bael\u2019Turath n\u2019est plus que l\u2019ombre de ce qu\u2019il \u00e9tait autrefois et est \u00e0 l'origine de la race des nafr\u00e4ats. Sous le regard m\u00e9fiant de ses voisins et au-del\u00e0, l\u2019empire se contente de rester \u00e0 l\u2019int\u00e9rieur de ses murs et de faire profil bas \u00e0 cause de son sombre pass\u00e9 qui a men\u00e9 au d\u00e9chirement du continent d\u2019Endamar il y a de cela plus d'un mill\u00e9naire.&nbsp;<\/p><\/div><div class=\"vce-button--style-outline-container vce-button--style-outline-container--align-center\"><span class=\"vce-button--style-outline-wrapper vce\" id=\"el-8bb1e9d1\" data-vce-do-apply=\"margin el-8bb1e9d1\"><a class=\"vce-button vce-button--style-outline-animated vce-button--style-outline--border-square vce-button--style-outline--size-medium vce-button--style-outline-animated--color-b-255-255-255--fff--3d3d3d vce-button--style-outline-animated--border-color-e3e3e3--3d3d3d vce-button--style-outline-animated--background-color-3d3d3d\" href=\"https:\/\/ambervale.net\/index.php\/2023\/10\/06\/baelturath\/\" title=\"\" data-vce-do-apply=\"padding border background  el-8bb1e9d1\"><span class=\"vce-button--style-outline-text\">En savoir plus<\/span><\/a><\/span><\/div><\/div><\/div><\/div><\/section><section class=\"vce-feature-section-container vce-feature-section-media--xs\"><div class=\"vce vce-feature-section vce-feature-section--min-height\" id=\"el-d21dfefd\" data-vce-do-apply=\"margin border animation backgroundColor el-d21dfefd\"><div class=\"vce-feature-section-image vce-feature-section-image--alignment-left\" data-vce-background-image-all=\"https:\/\/ambervale.net\/wp-content\/uploads\/2023\/11\/Celianth-2.png\" data-vce-background-image=\"all\" data-vce-lozad=\"true\" data-vce-do-apply=\"backgroundImage el-d21dfefd\"><\/div><div class=\"vce-feature-section-content\"><div class=\"vce-feature-section-content-container\" data-vce-do-apply=\"padding el-d21dfefd\"><div class=\"vce-feature-section-description\"><h1 style=\"text-align: center;\">Celianth<\/h1>\n<p style=\"text-align: justify;\">Situ\u00e9 au coeur du continent d'Endamar, Celianth est un royaume jeune, n\u00e9 de la d\u00e9faite de Bael'Turath durant la premi\u00e8re guerre d'Endamar. Les Celians vivent de la mer, et principalement de la p\u00eache, cr\u00e9ant dans les villes de larges march\u00e9s et f\u00eates tout au long de l'ann\u00e9e pour animer les villes et villages. Celianth est caract\u00e9ris\u00e9e par la pr\u00e9sence de la Confr\u00e9rie des Sages, un guilde de savants, d'\u00e9rudits et de mages qui assistent les Celians en leur apportant la sagesse et l'\u00e9ducation, depuis les strates les plus basses de la soci\u00e9t\u00e9 jusqu'au Roi.<\/p><\/div><div class=\"vce-button--style-outline-container vce-button--style-outline-container--align-center\"><span class=\"vce-button--style-outline-wrapper vce\" id=\"el-06052ff6\" data-vce-do-apply=\"margin el-06052ff6\"><a class=\"vce-button vce-button--style-outline-animated vce-button--style-outline--border-square vce-button--style-outline--size-medium vce-button--style-outline-animated--color-b-255-255-255--fff--3d3d3d vce-button--style-outline-animated--border-color-e3e3e3--3d3d3d vce-button--style-outline-animated--background-color-3d3d3d\" href=\"https:\/\/ambervale.net\/index.php\/2023\/11\/05\/celianth\/\" title=\"\" data-vce-do-apply=\"padding border background  el-06052ff6\"><span class=\"vce-button--style-outline-text\">En savoir plus<\/span><\/a><\/span><\/div><\/div><\/div><\/div><\/section><section class=\"vce-feature-section-container vce-feature-section-media--xs\"><div class=\"vce vce-feature-section vce-feature-section--min-height vce-feature-section--reverse\" id=\"el-e4a0d71e\" data-vce-do-apply=\"margin border animation backgroundColor el-e4a0d71e\"><div class=\"vce-feature-section-image vce-feature-section-image--alignment-right\" data-vce-background-image-all=\"https:\/\/ambervale.net\/wp-content\/uploads\/2024\/01\/DALL\u00b7E-2024-01-29-23.01.24-In-this-reimagined-heroic-medieval-fantasy-setting-vast-lands-reminiscent-of-Norways-landscapes-unfold-showcasing-a-significantly-wider-city-near-t.png\" data-vce-background-image=\"all\" data-vce-lozad=\"true\" data-vce-do-apply=\"backgroundImage el-e4a0d71e\"><\/div><div class=\"vce-feature-section-content\"><div class=\"vce-feature-section-content-container\" data-vce-do-apply=\"padding el-e4a0d71e\"><div class=\"vce-feature-section-description\"><h1>Dov Junaar<\/h1><p style=\"text-align: justify;\"><span style=\"font-weight: 400;\">Au Sud-Est des landes d\u2019Ambervale, non loin de l\u2019\u00eele d\u2019Adale et des Steppes de Kherlen, se dresse une vaste terre riche de roche et d\u2019histoire. C\u2019est en ces terres aussi abruptes que fertiles que sont n\u00e9s les premiers humano\u00efdes de griffes et d\u2019\u00e9cailles d\u2019Ambervale, connus aujourd\u2019hui sous le nom de Draconis et d\u2019Akaans. Aujourd\u2019hui Dov Junaar est connu pour \u00eatre un espace pr\u00f4nant la paix, la qui\u00e9tude et le savoir faire. Mais il n\u2019en a pas toujours \u00e9t\u00e9 ainsi. Avant que les terres Draconis ne m\u00e9ritent leur r\u00e9putation de pacifistes et de ma\u00eetres artisans, elle d\u00fb faire face pendant des d\u00e9cennies \u00e0 un conflit civil pour d\u00e9cider de la place du peuple dans le monde.<\/span><\/p><\/div><div class=\"vce-button--style-outline-container vce-button--style-outline-container--align-center\"><span class=\"vce-button--style-outline-wrapper vce\" id=\"el-23e96026\" data-vce-do-apply=\"margin el-23e96026\"><a class=\"vce-button vce-button--style-outline-animated vce-button--style-outline--border-square vce-button--style-outline--size-medium vce-button--style-outline-animated--color-e3e3e3--fff--3d3d3d vce-button--style-outline-animated--border-color-e3e3e3--3d3d3d vce-button--style-outline-animated--background-color-3d3d3d\" href=\"https:\/\/ambervale.net\/index.php\/dov-junaar\" title=\"\" data-vce-do-apply=\"padding border background  el-23e96026\"><span class=\"vce-button--style-outline-text\">En savoir plus<\/span><\/a><\/span><\/div><\/div><\/div><\/div><\/section><section class=\"vce-feature-section-container vce-feature-section-media--xs\"><div class=\"vce vce-feature-section vce-feature-section--min-height\" id=\"el-7555d18f\" data-vce-do-apply=\"margin border animation backgroundColor el-7555d18f\"><div class=\"vce-feature-section-image vce-feature-section-image--alignment-left\" data-vce-background-image-all=\"https:\/\/ambervale.net\/wp-content\/uploads\/2024\/02\/Fealindor.png\" data-vce-background-image=\"all\" data-vce-lozad=\"true\" data-vce-do-apply=\"backgroundImage el-7555d18f\"><\/div><div class=\"vce-feature-section-content\"><div class=\"vce-feature-section-content-container\" data-vce-do-apply=\"padding el-7555d18f\"><div class=\"vce-feature-section-description\"><h1 style=\"text-align: center;\">F\u00ebalindor<\/h1>\n<p style=\"text-align: justify;\"><span style=\"font-weight: 400;\">Le royaume de F\u00ebalindor se situe dans la partie sud du continent d'Endamar<\/span><span style=\"font-weight: 400;\">. Le territoire F\u00eblinois est enti\u00e8rement recouvert de neige, la m\u00e9t\u00e9o a grandement forg\u00e9 la fa\u00e7on de vivre de ces elyas. Habitant de grandes cit\u00e9s au bord des montagnes dans une configuration tr\u00e8s serr\u00e9e afin de couper le vent, cr\u00e9ant des espaces dens\u00e9ment peupl\u00e9s qui ont oblig\u00e9 les F\u00eblinois \u00e0 fa\u00e7onner de nouvelles technologies civiles. Les F\u00eblinois sont divis\u00e9s en trois clans distincts dont le pouvoir f\u00e9d\u00e9ral r\u00e9side entre les mains des chefs de clans, formant un conseil se r\u00e9unissant \u00e0 chaque fois que le royaume a besoin d\u2019\u00eatre uni.&nbsp;<\/span><\/p><\/div><div class=\"vce-button--style-outline-container vce-button--style-outline-container--align-center\"><span class=\"vce-button--style-outline-wrapper vce\" id=\"el-7ef0788f\" data-vce-do-apply=\"margin el-7ef0788f\"><a class=\"vce-button vce-button--style-outline-animated vce-button--style-outline--border-square vce-button--style-outline--size-medium vce-button--style-outline-animated--color-b-255-255-255--fff--3d3d3d vce-button--style-outline-animated--border-color-e3e3e3--3d3d3d vce-button--style-outline-animated--background-color-3d3d3d\" href=\"https:\/\/ambervale.net\/index.php\/2024\/02\/08\/fealindor\/\" title=\"\" data-vce-do-apply=\"padding border background  el-7ef0788f\"><span class=\"vce-button--style-outline-text\">En savoir plus<\/span><\/a><\/span><\/div><\/div><\/div><\/div><\/section><section class=\"vce-feature-section-container vce-feature-section-media--xs\"><div class=\"vce vce-feature-section vce-feature-section--min-height\" id=\"el-cf133923\" data-vce-do-apply=\"margin border animation backgroundColor el-cf133923\"><div class=\"vce-feature-section-image vce-feature-section-image--alignment-right\" data-vce-background-image-all=\"https:\/\/ambervale.net\/wp-content\/uploads\/2023\/10\/Forlonde-3.jpg\" data-vce-background-image=\"all\" data-vce-lozad=\"true\" data-vce-do-apply=\"backgroundImage el-cf133923\"><\/div><div class=\"vce-feature-section-content\"><div class=\"vce-feature-section-content-container\" data-vce-do-apply=\"padding el-cf133923\"><div class=\"vce-feature-section-description\"><h1 style=\"text-align: center;\">Forlonde<\/h1><p style=\"text-align: justify;\"><span style=\"font-weight: 400;\">Forlonde est un royaume mill\u00e9naire qui s'est cr\u00e9\u00e9 avant la guerre des dieux par Al\u2019duin, l\u2019\u00e9lu d\u2019Ashera. Compos\u00e9 \u00e0 l'origine de quelques milliers d'elya, il s'est rapidement d\u00e9velopp\u00e9 en une nation prosp\u00e8re et martiale sur une partie du continent d\u2019Endamar. Malgr\u00e9 les d\u00e9fis pos\u00e9s par la faune sauvage et les ennemis, Forlonde est devenu un royaume puissant, ayant combattu aux c\u00f4t\u00e9s d'Ashera et des Nephils. Apr\u00e8s avoir remport\u00e9 une guerre contre les Nafraats, Forlonde s'est concentr\u00e9 sur l'exploitation de ses ressources, notamment les mines de pierres pr\u00e9cieuses et le commerce, devenant une r\u00e9f\u00e9rence en mati\u00e8re d'artisanat de bijoux et d'armes.<\/span><\/p><\/div><div class=\"vce-button--style-outline-container vce-button--style-outline-container--align-center\"><span class=\"vce-button--style-outline-wrapper vce\" id=\"el-1cf2947f\" data-vce-do-apply=\"margin el-1cf2947f\"><a class=\"vce-button vce-button--style-outline-animated vce-button--style-outline--border-square vce-button--style-outline--size-medium vce-button--style-outline-animated--color-b-255-255-255--fff--3d3d3d vce-button--style-outline-animated--border-color-e3e3e3--3d3d3d vce-button--style-outline-animated--background-color-3d3d3d\" href=\"https:\/\/ambervale.net\/index.php\/2023\/10\/11\/forlonde\/\" title=\"\" data-vce-do-apply=\"padding border background  el-1cf2947f\"><span class=\"vce-button--style-outline-text\">En savoir plus<\/span><\/a><\/span><\/div><\/div><\/div><\/div><\/section><section class=\"vce-feature-section-container vce-feature-section-media--xs\"><div class=\"vce vce-feature-section vce-feature-section--min-height\" id=\"el-c69b5fb6\" data-vce-do-apply=\"margin border animation backgroundColor el-c69b5fb6\"><div class=\"vce-feature-section-image vce-feature-section-image--alignment-left\" data-vce-background-image-all=\"https:\/\/ambervale.net\/wp-content\/uploads\/2023\/04\/Griezski.jpg\" data-vce-background-image=\"all\" data-vce-lozad=\"true\" data-vce-do-apply=\"backgroundImage el-c69b5fb6\"><\/div><div class=\"vce-feature-section-content\"><div class=\"vce-feature-section-content-container\" data-vce-do-apply=\"padding el-c69b5fb6\"><div class=\"vce-feature-section-description\"><h1 style=\"text-align: center;\"><span style=\"color: #ffffff;\">Griezski<\/span><\/h1><p style=\"text-align: justify;\"><span style=\"color: #ffffff;\">Le Royaume du Grietzski, situ\u00e9 au nord du continent de Waiengen est un royaume qui s'\u00e9tend sur de vastes \u00e9tendues de terres fertiles, de for\u00eats profondes et de montagnes majestueuses. Il est dirig\u00e9 par une monarchie forte et influente, dont la couronne est souvent contest\u00e9e par des pr\u00e9tendants ambitieux et des seigneurs de guerre puissants, menant \u00e0 des guerres civiles sanglantes qui n'ont malgr\u00e9 tout jamais su renverser la dynastie royale. La culture riche et complexe du royaume est impr\u00e9gn\u00e9e de traditions anciennes, de folklore mystique et de rites pa\u00efens, qui coexistent souvent avec les croyances Asheriennes import\u00e9es. Les villes et les villages du Grietzski sont r\u00e9put\u00e9s pour leurs march\u00e9s anim\u00e9s, leurs \u00e9glises orn\u00e9es de fresques et leurs palais majestueux.<\/span><\/p><\/div><div class=\"vce-button--style-outline-container vce-button--style-outline-container--align-center\"><span class=\"vce-button--style-outline-wrapper vce\" id=\"el-695244ef\" data-vce-do-apply=\"margin el-695244ef\"><a class=\"vce-button vce-button--style-outline-animated vce-button--style-outline--border-square vce-button--style-outline--size-medium vce-button--style-outline-animated--color-e3e3e3--fff--3d3d3d vce-button--style-outline-animated--border-color-e3e3e3--3d3d3d vce-button--style-outline-animated--background-color-3d3d3d\" href=\"https:\/\/ambervale.net\/index.php\/2023\/04\/23\/griezski\/\" title=\"\" data-vce-do-apply=\"padding border background  el-695244ef\"><span class=\"vce-button--style-outline-text\">En savoir plus<\/span><\/a><\/span><\/div><\/div><\/div><\/div><\/section><section class=\"vce-feature-section-container vce-feature-section-media--xs\"><div class=\"vce vce-feature-section vce-feature-section--min-height\" id=\"el-294bc608\" data-vce-do-apply=\"margin border animation backgroundColor el-294bc608\"><div class=\"vce-feature-section-image vce-feature-section-image--alignment-right\" data-vce-background-image-all=\"https:\/\/ambervale.net\/wp-content\/uploads\/2023\/05\/Jessen-1.jpg\" data-vce-background-image=\"all\" data-vce-lozad=\"true\" data-vce-do-apply=\"backgroundImage el-294bc608\"><\/div><div class=\"vce-feature-section-content\"><div class=\"vce-feature-section-content-container\" data-vce-do-apply=\"padding el-294bc608\"><div class=\"vce-feature-section-description\"><h1 style=\"text-align: center;\">Jessen<\/h1><p style=\"text-align: justify;\">Jessen est une ville situ\u00e9e sur le continent d\u2019Endamar, entre le royaume de Forlonde et le territoire d\u2019Althaia. Au fil des ann\u00e9es, sa position strat\u00e9gique a attir\u00e9 l'attention de la p\u00e8gre qui y r\u00e8gne d\u00e9sormais en ma\u00eetre, profitant de la ville comme point de passage pour leur trafic. Mais ce n'est pas la seule menace qui p\u00e8se sur Jessen. La ville est entour\u00e9e de for\u00eats et de mar\u00e9cages qui abritent des cr\u00e9atures dangereuses, des monstres qui r\u00f4dent la nuit et attaquent les voyageurs imprudents. La vie \u00e0 Jessen est rude, mais certains parviennent \u00e0 y trouver leur place, qu'ils soient des aventuriers en qu\u00eate de fortune, des \u00e2mes d\u00e9sesp\u00e9r\u00e9es cherchant \u00e0 \u00e9chapper \u00e0 leur pass\u00e9 ou des valeureux cherchant \u00e0 prot\u00e9ger la famille Jessen de leur mal\u00e9diction.<\/p><\/div><div class=\"vce-button--style-outline-container vce-button--style-outline-container--align-center\"><span class=\"vce-button--style-outline-wrapper vce\" id=\"el-4c414bcf\" data-vce-do-apply=\"margin el-4c414bcf\"><a class=\"vce-button vce-button--style-outline-animated vce-button--style-outline--border-square vce-button--style-outline--size-medium vce-button--style-outline-animated--color-b-255-255-255--fff--3d3d3d vce-button--style-outline-animated--border-color-e3e3e3--3d3d3d vce-button--style-outline-animated--background-color-3d3d3d\" href=\"https:\/\/ambervale.net\/index.php\/2023\/05\/07\/jessen\/\" title=\"\" data-vce-do-apply=\"padding border background  el-4c414bcf\"><span class=\"vce-button--style-outline-text\">En savoir plus<\/span><\/a><\/span><\/div><\/div><\/div><\/div><\/section><section class=\"vce-feature-section-container vce-feature-section-media--xs\"><div class=\"vce vce-feature-section vce-feature-section--min-height\" id=\"el-5a86d07d\" data-vce-do-apply=\"margin border animation backgroundColor el-5a86d07d\"><div class=\"vce-feature-section-image vce-feature-section-image--alignment-left\" data-vce-background-image-all=\"https:\/\/ambervale.net\/wp-content\/uploads\/2023\/04\/Kaltland-image-2.jpg\" data-vce-background-image=\"all\" data-vce-lozad=\"true\" data-vce-do-apply=\"backgroundImage el-5a86d07d\"><\/div><div class=\"vce-feature-section-content\"><div class=\"vce-feature-section-content-container\" data-vce-do-apply=\"padding el-5a86d07d\"><div class=\"vce-feature-section-description\"><h1 style=\"text-align: center;\"><span style=\"color: #ffffff;\">Kaltland<\/span><\/h1><p style=\"text-align: justify;\"><span style=\"color: #ffffff;\">Au Nord-Est du continent de Waiengen, le Royaume du Kaltland s'\u00e9tend sur une terre sauvage et majestueuse, domin\u00e9e par des montagnes imposantes et des for\u00eats denses de conif\u00e8res. Fond\u00e9 il y a plusieurs si\u00e8cles par des clans valeureux et fiers, le royaume est depuis lors marqu\u00e9 par des conflits internes, aliment\u00e9s par les rivalit\u00e9s entre les diff\u00e9rentes familles fondatrices pour le contr\u00f4le de la couronne.<\/span><\/p><\/div><div class=\"vce-button--style-outline-container vce-button--style-outline-container--align-center\"><span class=\"vce-button--style-outline-wrapper vce\" id=\"el-06e98384\" data-vce-do-apply=\"margin el-06e98384\"><a class=\"vce-button vce-button--style-outline-animated vce-button--style-outline--border-square vce-button--style-outline--size-medium vce-button--style-outline-animated--color-e3e3e3--fff--3d3d3d vce-button--style-outline-animated--border-color-e3e3e3--3d3d3d vce-button--style-outline-animated--background-color-3d3d3d\" href=\"https:\/\/ambervale.net\/index.php\/2023\/04\/22\/kaltland\/\" title=\"\" data-vce-do-apply=\"padding border background  el-06e98384\"><span class=\"vce-button--style-outline-text\">En savoir plus<\/span><\/a><\/span><\/div><\/div><\/div><\/div><\/section><section class=\"vce-feature-section-container vce-feature-section-media--xs\"><div class=\"vce vce-feature-section vce-feature-section--min-height\" id=\"el-fb4d839f\" data-vce-do-apply=\"margin border animation backgroundColor el-fb4d839f\"><div class=\"vce-feature-section-image vce-feature-section-image--alignment-right\" data-vce-background-image-all=\"https:\/\/ambervale.net\/wp-content\/uploads\/2023\/05\/Kherlen-2.jpg\" data-vce-background-image=\"all\" data-vce-lozad=\"true\" data-vce-do-apply=\"backgroundImage el-fb4d839f\"><\/div><div class=\"vce-feature-section-content\"><div class=\"vce-feature-section-content-container\" data-vce-do-apply=\"padding el-fb4d839f\"><div class=\"vce-feature-section-description\"><h1 style=\"text-align: center;\">Kherlen<\/h1><p style=\"text-align: justify;\">Situ\u00e9es au centre du continent d'Essanten, les vastes steppes de Kherlen sont habit\u00e9es par des peuples nomades. Leur mode de vie traditionnel est bas\u00e9 sur les d\u00e9placements saisonniers de leurs clans \u00e0 travers les vastes plaines, mais quelques villes et villages s\u00e9dentaris\u00e9s pars\u00e8ment \u00e9galement la r\u00e9gion. Les steppes s'\u00e9tendent sur toute la largeur du continent et sont bord\u00e9es \u00e0 l'est et \u00e0 l'ouest par la mer, tandis que des cha\u00eenes de montagnes se dressent au nord et au sud.<\/p><\/div><div class=\"vce-button--style-outline-container vce-button--style-outline-container--align-center\"><span class=\"vce-button--style-outline-wrapper vce\" id=\"el-2c65cdcb\" data-vce-do-apply=\"margin el-2c65cdcb\"><a class=\"vce-button vce-button--style-outline-animated vce-button--style-outline--border-square vce-button--style-outline--size-medium vce-button--style-outline-animated--color-b-255-255-255--fff--3d3d3d vce-button--style-outline-animated--border-color-e3e3e3--3d3d3d vce-button--style-outline-animated--background-color-3d3d3d\" href=\"https:\/\/ambervale.net\/index.php\/2023\/05\/06\/kherlen\/\" title=\"\" data-vce-do-apply=\"padding border background  el-2c65cdcb\"><span class=\"vce-button--style-outline-text\">En savoir plus<\/span><\/a><\/span><\/div><\/div><\/div><\/div><\/section><section class=\"vce-feature-section-container vce-feature-section-media--xs\"><div class=\"vce vce-feature-section vce-feature-section--min-height\" id=\"el-7edf5461\" data-vce-do-apply=\"margin border animation backgroundColor el-7edf5461\"><div class=\"vce-feature-section-image vce-feature-section-image--alignment-left\" data-vce-background-image-all=\"https:\/\/ambervale.net\/wp-content\/uploads\/2019\/02\/14.jpg\" data-vce-background-image=\"all\" data-vce-lozad=\"true\" data-vce-do-apply=\"backgroundImage el-7edf5461\"><\/div><div class=\"vce-feature-section-content\"><div class=\"vce-feature-section-content-container\" data-vce-do-apply=\"padding el-7edf5461\"><div class=\"vce-feature-section-description\"><h1 style=\"text-align: center;\">Montagnes d'Odin<\/h1><p style=\"text-align: justify;\">Les montagnes d'Odin forment la r\u00e9gion abritant le royaume d'origine des Grim-rocks ainsi que principale population de ces derniers en Ambervale. Si la surface pr\u00e9sente un cadre serein et paisible, les sous-sols sont tr\u00e8s actifs.<\/p><\/div><div class=\"vce-button--style-outline-container vce-button--style-outline-container--align-center\"><span class=\"vce-button--style-outline-wrapper vce\" id=\"el-282059bd\" data-vce-do-apply=\"margin el-282059bd\"><a class=\"vce-button vce-button--style-outline-animated vce-button--style-outline--border-square vce-button--style-outline--size-medium vce-button--style-outline-animated--color-b-255-255-255--fff--3d3d3d vce-button--style-outline-animated--border-color-e3e3e3--3d3d3d vce-button--style-outline-animated--background-color-3d3d3d\" href=\"https:\/\/ambervale.net\/index.php\/2023\/09\/08\/montagne-dodin\/\" title=\"\" data-vce-do-apply=\"padding border background  el-282059bd\"><span class=\"vce-button--style-outline-text\">En savoir plus<\/span><\/a><\/span><\/div><\/div><\/div><\/div><\/section><section class=\"vce-feature-section-container vce-feature-section-media--xs\"><div class=\"vce vce-feature-section vce-feature-section--min-height\" id=\"el-33427177\" data-vce-do-apply=\"margin border animation backgroundColor el-33427177\"><div class=\"vce-feature-section-image vce-feature-section-image--alignment-right\" data-vce-background-image-all=\"https:\/\/ambervale.net\/wp-content\/uploads\/2023\/11\/e59cf057c237fb450de4a652ccaf23d1fbfe77fe_2000x2000.webp\" data-vce-background-image=\"all\" data-vce-lozad=\"true\" data-vce-do-apply=\"backgroundImage el-33427177\"><\/div><div class=\"vce-feature-section-content\"><div class=\"vce-feature-section-content-container\" data-vce-do-apply=\"padding el-33427177\"><div class=\"vce-feature-section-description\"><h1 style=\"text-align: center;\">N\u00f6relior<\/h1><p style=\"text-align: justify;\"><span style=\"font-weight: 400;\">Le royaume Na\u00ebrelyen est une nation compos\u00e9e d\u2019elyas ayant une peau atypique allant du gris jusqu\u2019au gris tr\u00e8s fonc\u00e9. <\/span><span style=\"font-weight: 400;\"><br><\/span><span style=\"font-weight: 400;\">La reine des Na\u00ebrelyens est Nilva Nor\u00eblia. Elle est d\u2019une ancienne lign\u00e9e qui r\u00e8gne sur le royaume depuis des mill\u00e9naires d\u00e9sormais. <\/span><span style=\"font-weight: 400;\"><br><\/span><span style=\"font-weight: 400;\">Le royaume Na\u00ebrelyen est connu pour une raison particuli\u00e8re : quasiment personne ne conna\u00eet r\u00e9ellement cette nation extr\u00eamement renferm\u00e9e sur elle-m\u00eame. Le peu de voyageurs ayant eu acc\u00e8s \u00e0 l'\u00eele ont fait part d\u2019un climat singulier, un \u00e9pais nuage sombre et uniforme emp\u00eache toute lumi\u00e8re astrale de p\u00e9n\u00e9trer. Cette m\u00e9t\u00e9o sp\u00e9ciale a fini par donner aux Na\u00ebrelyens leur peau unique ainsi qu\u2019un attrait particulier pour la magie de lumi\u00e8re, seul moyen pour ces elyas, avec le feu, d\u2019avoir une source de visibilit\u00e9.<\/span><\/p><\/div><div class=\"vce-button--style-outline-container vce-button--style-outline-container--align-center\"><span class=\"vce-button--style-outline-wrapper vce\" id=\"el-aba26302\" data-vce-do-apply=\"margin el-aba26302\"><a class=\"vce-button vce-button--style-outline-animated vce-button--style-outline--border-square vce-button--style-outline--size-medium vce-button--style-outline-animated--color-b-255-255-255--fff--3d3d3d vce-button--style-outline-animated--border-color-e3e3e3--3d3d3d vce-button--style-outline-animated--background-color-3d3d3d\" href=\"https:\/\/ambervale.net\/index.php\/2023\/11\/05\/naerelyen\/\" title=\"\" data-vce-do-apply=\"padding border background  el-aba26302\"><span class=\"vce-button--style-outline-text\">En savoir plus<\/span><\/a><\/span><\/div><\/div><\/div><\/div><\/section><section class=\"vce-feature-section-container vce-feature-section-media--xs\"><div class=\"vce vce-feature-section vce-feature-section--min-height\" id=\"el-5f697602\" data-vce-do-apply=\"margin border animation backgroundColor el-5f697602\"><div class=\"vce-feature-section-image vce-feature-section-image--alignment-left\" data-vce-background-image-all=\"https:\/\/ambervale.net\/wp-content\/uploads\/2023\/04\/Ostwind.jpg\" data-vce-background-image=\"all\" data-vce-lozad=\"true\" data-vce-do-apply=\"backgroundImage el-5f697602\"><\/div><div class=\"vce-feature-section-content\"><div class=\"vce-feature-section-content-container\" data-vce-do-apply=\"padding el-5f697602\"><div class=\"vce-feature-section-description\"><h1 style=\"text-align: center;\">Ostwind<\/h1><p style=\"text-align: justify;\">Les Marches de l'Ostwind, une r\u00e9gion frontali\u00e8re situ\u00e9e au c\u0153ur du continent de Waiengen, est constitu\u00e9e d'une conf\u00e9d\u00e9ration de seigneuries qui cherchent \u00e0 conserver leur ind\u00e9pendance face aux royaumes voisins. La r\u00e9gion est r\u00e9guli\u00e8rement le th\u00e9\u00e2tre d'affrontements avec les royaumes voisins, tels que le Royaume du Grietzski et les Baronnies Althaiennes, qui cherchent \u00e0 \u00e9tendre leur territoire. La culture des Marches de l'Ostwind est marqu\u00e9e par la guerre, la discipline et la culture martiale, refl\u00e9t\u00e9es dans leur architecture et leur mode de vie. Le domaine des Chevaliers de Seborh, un ordre de chevaliers d\u00e9di\u00e9 au service du dieu du vent et de la libert\u00e9, est situ\u00e9 au c\u0153ur des Marches de l'Ostwind et symbolise la d\u00e9termination des habitants \u00e0 pr\u00e9server leur libert\u00e9 et leur ind\u00e9pendance.<\/p><\/div><div class=\"vce-button--style-outline-container vce-button--style-outline-container--align-center\"><span class=\"vce-button--style-outline-wrapper vce\" id=\"el-915eed8a\" data-vce-do-apply=\"margin el-915eed8a\"><a class=\"vce-button vce-button--style-outline-animated vce-button--style-outline--border-square vce-button--style-outline--size-medium vce-button--style-outline-animated--color-b-255-255-255--fff--3d3d3d vce-button--style-outline-animated--border-color-e3e3e3--3d3d3d vce-button--style-outline-animated--background-color-3d3d3d\" href=\"https:\/\/ambervale.net\/index.php\/2023\/04\/26\/ostwind\/\" title=\"\" data-vce-do-apply=\"padding border background  el-915eed8a\"><span class=\"vce-button--style-outline-text\">En savoir plus<\/span><\/a><\/span><\/div><\/div><\/div><\/div><\/section><section class=\"vce-feature-section-container vce-feature-section-media--xs\"><div class=\"vce vce-feature-section vce-feature-section--min-height\" id=\"el-97b39e65\" data-vce-do-apply=\"margin border animation backgroundColor el-97b39e65\"><div class=\"vce-feature-section-image vce-feature-section-image--alignment-right\" data-vce-background-image-all=\"https:\/\/ambervale.net\/wp-content\/uploads\/2023\/04\/Syriel.jpg\" data-vce-background-image=\"all\" data-vce-lozad=\"true\" data-vce-do-apply=\"backgroundImage el-97b39e65\"><\/div><div class=\"vce-feature-section-content\"><div class=\"vce-feature-section-content-container\" data-vce-do-apply=\"padding el-97b39e65\"><div class=\"vce-feature-section-description\"><h1 style=\"text-align: center;\">Syriel<\/h1><p style=\"text-align: justify;\">Le royaume de Syriel, au sud du continent de Waiengen, est nich\u00e9 au c\u0153ur de la Taur\u00eb Syrion (For\u00eat de Syriel) une for\u00eat majestueuse peupl\u00e9e d'arbres g\u00e9ants. Sa capitale, Syriel, a \u00e9t\u00e9 fond\u00e9e il y a plus de trois mill\u00e9naires par des elyas \u00e9merveill\u00e9s par la beaut\u00e9 de l'endroit, le royaume de Syriel est dirig\u00e9 par un Grand-Sage, choisi par un groupe de mages puissants, les Sages de Syriel. Les habitants de la cit\u00e9 sont tr\u00e8s proches de la nature et accordent une grande importance \u00e0 la d\u00e9esse Apheia, la protectrice de la terre et de la nature.<\/p><\/div><div class=\"vce-button--style-outline-container vce-button--style-outline-container--align-center\"><span class=\"vce-button--style-outline-wrapper vce\" id=\"el-078b1243\" data-vce-do-apply=\"margin el-078b1243\"><a class=\"vce-button vce-button--style-outline-animated vce-button--style-outline--border-square vce-button--style-outline--size-medium vce-button--style-outline-animated--color-b-255-255-255--fff--3d3d3d vce-button--style-outline-animated--border-color-e3e3e3--3d3d3d vce-button--style-outline-animated--background-color-3d3d3d\" href=\"https:\/\/ambervale.net\/index.php\/2023\/04\/29\/syriel\/\" title=\"\" data-vce-do-apply=\"padding border background  el-078b1243\"><span class=\"vce-button--style-outline-text\">En savoir plus<\/span><\/a><\/span><\/div><\/div><\/div><\/div><\/section><section class=\"vce-feature-section-container vce-feature-section-media--xs\"><div class=\"vce vce-feature-section vce-feature-section--min-height\" id=\"el-cb593c6b\" data-vce-do-apply=\"margin border animation backgroundColor el-cb593c6b\"><div class=\"vce-feature-section-image vce-feature-section-image--alignment-left\" data-vce-background-image-all=\"https:\/\/ambervale.net\/wp-content\/uploads\/2024\/01\/DALL\u00b7E-2024-01-30-23.17.20-Vue-aerienne-dun-continent-vaste-et-diversifie-dans-un-monde-de-fantasy-heroique-inspire-par-lidee-dune-supercontinent-comme-la-pangee.-Ce-contine.png\" data-vce-background-image=\"all\" data-vce-lozad=\"true\" data-vce-do-apply=\"backgroundImage el-cb593c6b\"><\/div><div class=\"vce-feature-section-content\"><div class=\"vce-feature-section-content-container\" data-vce-do-apply=\"padding el-cb593c6b\"><div class=\"vce-feature-section-description\"><h1 style=\"text-align: center;\">Le monde de Syndeh\u00e4l<\/h1><p style=\"text-align: justify;\"><span style=\"font-weight: 400;\">De tous les peuples et terres connues des premiers Ambervaliens, le monde cach\u00e9 de Syndeh\u00e4l est probablement celui qui leur est le plus inconnu pour de nombreuses raisons, la principale \u00e9tant qu\u2019il n\u2019appartient pas au m\u00eame monde que le grand continent. En effet, ce monde fut la cons\u00e9quence du d\u00e9go\u00fbt de la Guerre des Dieux de la part de Fergus, Dieu des Animaux et fils d\u2019Aphe\u00efa, ainsi que d\u2019Aniva son amante, se r\u00e9v\u00e9lant \u00e9galement \u00eatre une valienne au sang divin, d\u00e9esse du Foyer. C\u2019est avec l\u2019aide du dieu Kithar que les divins accompagn\u00e9s de leur dernier enfant en vie, Tabar, voyag\u00e8rent \u00e0 travers les mondes pendant des si\u00e8cles afin de rencontrer ce qui fut durant des mill\u00e9naires la terre des Faunus cr\u00e9\u00e9s par Aphe\u00efa : Syndeh\u00e4l. Aujourd\u2019hui vierge de toute occupation caus\u00e9e majoritairement par Ambervale, cette terre ne reste pas moins une \u00e9tendue riche d\u2019histoire et de culture rendue possible par les \u00e2ges et les guerres.<\/span><\/p><\/div><div class=\"vce-button--style-outline-container vce-button--style-outline-container--align-center\"><span class=\"vce-button--style-outline-wrapper vce\" id=\"el-769193b9\" data-vce-do-apply=\"margin el-769193b9\"><a class=\"vce-button vce-button--style-outline-animated vce-button--style-outline--border-square vce-button--style-outline--size-medium vce-button--style-outline-animated--color-b-255-255-255--fff--3d3d3d vce-button--style-outline-animated--border-color-e3e3e3--3d3d3d vce-button--style-outline-animated--background-color-3d3d3d\" href=\"https:\/\/ambervale.net\/index.php\/syndehal-2\" title=\"\" data-vce-do-apply=\"padding border background  el-769193b9\"><span class=\"vce-button--style-outline-text\">En savoir plus<\/span><\/a><\/span><\/div><\/div><\/div><\/div><\/section><section class=\"vce-feature-section-container vce-feature-section-media--xs\"><div class=\"vce vce-feature-section vce-feature-section--min-height\" id=\"el-6b3fef76\" data-vce-do-apply=\"margin border animation backgroundColor el-6b3fef76\"><div class=\"vce-feature-section-image vce-feature-section-image--alignment-right\" data-vce-background-image-all=\"https:\/\/ambervale.net\/wp-content\/uploads\/2023\/10\/Dalskaar-1.jpg\" data-vce-background-image=\"all\" data-vce-lozad=\"true\" data-vce-do-apply=\"backgroundImage el-6b3fef76\"><\/div><div class=\"vce-feature-section-content\"><div class=\"vce-feature-section-content-container\" data-vce-do-apply=\"padding el-6b3fef76\"><div class=\"vce-feature-section-description\"><h1 style=\"text-align: center;\">Terres du Nord<\/h1><p style=\"text-align: justify;\">Les Terres du Nord, une r\u00e9gion brutale et aust\u00e8re, abritent un peuple farouche et intr\u00e9pide connu sous le nom de Nordiens, ou Norrois. Cette contr\u00e9e est marqu\u00e9e par des paysages diversifi\u00e9s o\u00f9 les c\u00f4tes d\u00e9coup\u00e9es par les fjords rencontrent des r\u00e9gions agricoles au sud et des terres glac\u00e9es au nord. La culture nordienne honore \u00e0 la fois la guerre et la paix, tout en vouant un respect profond \u00e0 la nature et \u00e0 l'animisme. Leurs croyances religieuses s'articulent autour des six dieux \u00e9l\u00e9mentaires qui ont fa\u00e7onn\u00e9 le monde et d'une d\u00e9esse de la vie et de la mort, Sk\u00ebra, qui guide les \u00e2mes apr\u00e8s le tr\u00e9pas. Les Nordiens sont des guerriers redoutables, et leur culture vibrante et myst\u00e9rieuse continue de les pousser \u00e0 explorer les terres au-del\u00e0 des mers.<\/p><\/div><div class=\"vce-button--style-outline-container vce-button--style-outline-container--align-center\"><span class=\"vce-button--style-outline-wrapper vce\" id=\"el-c0ce4901\" data-vce-do-apply=\"margin el-c0ce4901\"><a class=\"vce-button vce-button--style-outline-animated vce-button--style-outline--border-square vce-button--style-outline--size-medium vce-button--style-outline-animated--color-b-255-255-255--fff--3d3d3d vce-button--style-outline-animated--border-color-e3e3e3--3d3d3d vce-button--style-outline-animated--background-color-3d3d3d\" href=\"https:\/\/ambervale.net\/index.php\/2023\/10\/14\/terresdunord\/\" title=\"\" data-vce-do-apply=\"padding border background  el-c0ce4901\"><span class=\"vce-button--style-outline-text\">En savoir plus<\/span><\/a><\/span><\/div><\/div><\/div><\/div><\/section><\/div><\/div><\/div><\/div><\/div><\/div>","protected":false},"excerpt":{"rendered":"<p>Carte du monde d&rsquo;AmbervaleLe monde d&rsquo;origine de vos personnages en l&rsquo;An 104, ann\u00e9e o\u00f9 se produit ce qu&rsquo;on appelle le Flash, un \u00e9v\u00e9nement \u00e9trange o\u00f9 tous les \u00eatres d&rsquo;Ambervale se voient aveugl\u00e9s par une myst\u00e9rieuse lumi\u00e8re blanche. Ce monde est compos\u00e9 de trois continent principaux : Tout d&rsquo;abord, il y a le continent de&nbsp;Waiengen, situ\u00e9 [&hellip;]<\/p>\n","protected":false},"author":2,"featured_media":0,"parent":0,"menu_order":0,"comment_status":"closed","ping_status":"closed","template":"","meta":{"footnotes":""},"blocksy_meta":[],"yoast_head":"<!-- This site is optimized with the Yoast SEO plugin v22.1 - https:\/\/yoast.com\/wordpress\/plugins\/seo\/ -->\n<title>Les cartes - Ambervale<\/title>\n<meta name=\"robots\" content=\"index, follow, max-snippet:-1, max-image-preview:large, max-video-preview:-1\" \/>\n<link rel=\"canonical\" href=\"https:\/\/ambervale.net\/index.php\/cartes\/\" \/>\n<meta property=\"og:locale\" content=\"fr_FR\" \/>\n<meta property=\"og:type\" content=\"article\" \/>\n<meta property=\"og:title\" content=\"Les cartes - Ambervale\" \/>\n<meta property=\"og:description\" content=\"Carte du monde d&#039;AmbervaleLe monde d&#039;origine de vos personnages en l&#039;An 104, ann\u00e9e o\u00f9 se produit ce qu&#039;on appelle le Flash, un \u00e9v\u00e9nement \u00e9trange o\u00f9 tous les \u00eatres d&#039;Ambervale se voient aveugl\u00e9s par une myst\u00e9rieuse lumi\u00e8re blanche. Ce monde est compos\u00e9 de trois continent principaux : Tout d&#039;abord, il y a le continent de&nbsp;Waiengen, situ\u00e9 [&hellip;]\" \/>\n<meta property=\"og:url\" content=\"https:\/\/ambervale.net\/index.php\/cartes\/\" \/>\n<meta property=\"og:site_name\" content=\"Ambervale\" \/>\n<meta property=\"article:modified_time\" content=\"2024-06-29T11:02:53+00:00\" \/>\n<meta name=\"twitter:card\" content=\"summary_large_image\" \/>\n<meta name=\"twitter:label1\" content=\"Dur\u00e9e de lecture estim\u00e9e\" \/>\n\t<meta name=\"twitter:data1\" content=\"7 minutes\" \/>\n<script type=\"application\/ld+json\" class=\"yoast-schema-graph\">{\"@context\":\"https:\/\/schema.org\",\"@graph\":[{\"@type\":\"WebPage\",\"@id\":\"https:\/\/ambervale.net\/index.php\/cartes\/\",\"url\":\"https:\/\/ambervale.net\/index.php\/cartes\/\",\"name\":\"Les cartes - Ambervale\",\"isPartOf\":{\"@id\":\"https:\/\/ambervale.net\/#website\"},\"datePublished\":\"2019-02-04T09:36:34+00:00\",\"dateModified\":\"2024-06-29T11:02:53+00:00\",\"breadcrumb\":{\"@id\":\"https:\/\/ambervale.net\/index.php\/cartes\/#breadcrumb\"},\"inLanguage\":\"fr-FR\",\"potentialAction\":[{\"@type\":\"ReadAction\",\"target\":[\"https:\/\/ambervale.net\/index.php\/cartes\/\"]}]},{\"@type\":\"BreadcrumbList\",\"@id\":\"https:\/\/ambervale.net\/index.php\/cartes\/#breadcrumb\",\"itemListElement\":[{\"@type\":\"ListItem\",\"position\":1,\"name\":\"Accueil\",\"item\":\"https:\/\/ambervale.net\/\"},{\"@type\":\"ListItem\",\"position\":2,\"name\":\"Les cartes\"}]},{\"@type\":\"WebSite\",\"@id\":\"https:\/\/ambervale.net\/#website\",\"url\":\"https:\/\/ambervale.net\/\",\"name\":\"Ambervale\",\"description\":\"Serveur Full-Role-Play\",\"publisher\":{\"@id\":\"https:\/\/ambervale.net\/#organization\"},\"potentialAction\":[{\"@type\":\"SearchAction\",\"target\":{\"@type\":\"EntryPoint\",\"urlTemplate\":\"https:\/\/ambervale.net\/?s={search_term_string}\"},\"query-input\":\"required name=search_term_string\"}],\"inLanguage\":\"fr-FR\"},{\"@type\":\"Organization\",\"@id\":\"https:\/\/ambervale.net\/#organization\",\"name\":\"Ambervale\",\"url\":\"https:\/\/ambervale.net\/\",\"logo\":{\"@type\":\"ImageObject\",\"inLanguage\":\"fr-FR\",\"@id\":\"https:\/\/ambervale.net\/#\/schema\/logo\/image\/\",\"url\":\"https:\/\/ambervale.net\/wp-content\/uploads\/2024\/02\/Logo-grand.png\",\"contentUrl\":\"https:\/\/ambervale.net\/wp-content\/uploads\/2024\/02\/Logo-grand.png\",\"width\":2223,\"height\":960,\"caption\":\"Ambervale\"},\"image\":{\"@id\":\"https:\/\/ambervale.net\/#\/schema\/logo\/image\/\"},\"sameAs\":[\"https:\/\/www.instagram.com\/ambervalerp\/\",\"https:\/\/www.youtube.com\/@Ambervale-CommunauteRP\"]}]}<\/script>\n<!-- \/ Yoast SEO plugin. -->","yoast_head_json":{"title":"Les cartes - Ambervale","robots":{"index":"index","follow":"follow","max-snippet":"max-snippet:-1","max-image-preview":"max-image-preview:large","max-video-preview":"max-video-preview:-1"},"canonical":"https:\/\/ambervale.net\/index.php\/cartes\/","og_locale":"fr_FR","og_type":"article","og_title":"Les cartes - Ambervale","og_description":"Carte du monde d'AmbervaleLe monde d'origine de vos personnages en l'An 104, ann\u00e9e o\u00f9 se produit ce qu'on appelle le Flash, un \u00e9v\u00e9nement \u00e9trange o\u00f9 tous les \u00eatres d'Ambervale se voient aveugl\u00e9s par une myst\u00e9rieuse lumi\u00e8re blanche. Ce monde est compos\u00e9 de trois continent principaux : Tout d'abord, il y a le continent de&nbsp;Waiengen, situ\u00e9 [&hellip;]","og_url":"https:\/\/ambervale.net\/index.php\/cartes\/","og_site_name":"Ambervale","article_modified_time":"2024-06-29T11:02:53+00:00","twitter_card":"summary_large_image","twitter_misc":{"Dur\u00e9e de lecture estim\u00e9e":"7 minutes"},"schema":{"@context":"https:\/\/schema.org","@graph":[{"@type":"WebPage","@id":"https:\/\/ambervale.net\/index.php\/cartes\/","url":"https:\/\/ambervale.net\/index.php\/cartes\/","name":"Les cartes - Ambervale","isPartOf":{"@id":"https:\/\/ambervale.net\/#website"},"datePublished":"2019-02-04T09:36:34+00:00","dateModified":"2024-06-29T11:02:53+00:00","breadcrumb":{"@id":"https:\/\/ambervale.net\/index.php\/cartes\/#breadcrumb"},"inLanguage":"fr-FR","potentialAction":[{"@type":"ReadAction","target":["https:\/\/ambervale.net\/index.php\/cartes\/"]}]},{"@type":"BreadcrumbList","@id":"https:\/\/ambervale.net\/index.php\/cartes\/#breadcrumb","itemListElement":[{"@type":"ListItem","position":1,"name":"Accueil","item":"https:\/\/ambervale.net\/"},{"@type":"ListItem","position":2,"name":"Les cartes"}]},{"@type":"WebSite","@id":"https:\/\/ambervale.net\/#website","url":"https:\/\/ambervale.net\/","name":"Ambervale","description":"Serveur Full-Role-Play","publisher":{"@id":"https:\/\/ambervale.net\/#organization"},"potentialAction":[{"@type":"SearchAction","target":{"@type":"EntryPoint","urlTemplate":"https:\/\/ambervale.net\/?s={search_term_string}"},"query-input":"required name=search_term_string"}],"inLanguage":"fr-FR"},{"@type":"Organization","@id":"https:\/\/ambervale.net\/#organization","name":"Ambervale","url":"https:\/\/ambervale.net\/","logo":{"@type":"ImageObject","inLanguage":"fr-FR","@id":"https:\/\/ambervale.net\/#\/schema\/logo\/image\/","url":"https:\/\/ambervale.net\/wp-content\/uploads\/2024\/02\/Logo-grand.png","contentUrl":"https:\/\/ambervale.net\/wp-content\/uploads\/2024\/02\/Logo-grand.png","width":2223,"height":960,"caption":"Ambervale"},"image":{"@id":"https:\/\/ambervale.net\/#\/schema\/logo\/image\/"},"sameAs":["https:\/\/www.instagram.com\/ambervalerp\/","https:\/\/www.youtube.com\/@Ambervale-CommunauteRP"]}]}},"_links":{"self":[{"href":"https:\/\/ambervale.net\/index.php\/wp-json\/wp\/v2\/pages\/20"}],"collection":[{"href":"https:\/\/ambervale.net\/index.php\/wp-json\/wp\/v2\/pages"}],"about":[{"href":"https:\/\/ambervale.net\/index.php\/wp-json\/wp\/v2\/types\/page"}],"author":[{"embeddable":true,"href":"https:\/\/ambervale.net\/index.php\/wp-json\/wp\/v2\/users\/2"}],"replies":[{"embeddable":true,"href":"https:\/\/ambervale.net\/index.php\/wp-json\/wp\/v2\/comments?post=20"}],"version-history":[{"count":81,"href":"https:\/\/ambervale.net\/index.php\/wp-json\/wp\/v2\/pages\/20\/revisions"}],"predecessor-version":[{"id":4000,"href":"https:\/\/ambervale.net\/index.php\/wp-json\/wp\/v2\/pages\/20\/revisions\/4000"}],"wp:attachment":[{"href":"https:\/\/ambervale.net\/index.php\/wp-json\/wp\/v2\/media?parent=20"}],"curies":[{"name":"wp","href":"https:\/\/api.w.org\/{rel}","templated":true}]}}